{"id":51,"date":"2019-01-28T10:48:57","date_gmt":"2019-01-28T09:48:57","guid":{"rendered":"http:\/\/fermeduloup.fr\/?page_id=51"},"modified":"2022-03-04T22:04:56","modified_gmt":"2022-03-04T21:04:56","slug":"le-gite","status":"publish","type":"page","link":"http:\/\/fermeduloup.fr\/?page_id=51","title":{"rendered":"Le G\u00eete"},"content":{"rendered":"\n<p>Du chemin de Saint Martin vous entrerez dans notre propri\u00e9t\u00e9 par un chemin bord\u00e9 de sapins et cypr\u00e8s.<br>Le g\u00eete ne se d\u00e9voilera qu&rsquo;\u00e0 mi-chemin. <\/p>\n\n\n\n<figure class=\"wp-block-gallery columns-1 is-cropped\"><ul class=\"blocks-gallery-grid\"><li class=\"blocks-gallery-item\"><figure><img loading=\"lazy\" width=\"1024\" height=\"683\" src=\"http:\/\/fermeduloup.fr\/wp-content\/uploads\/2021\/09\/Gite-Exterieur-0-1024x683.jpg\" alt=\"\" data-id=\"563\" data-full-url=\"http:\/\/fermeduloup.fr\/wp-content\/uploads\/2021\/09\/Gite-Exterieur-0-scaled.jpg\" data-link=\"http:\/\/fermeduloup.fr\/?attachment_id=563\" class=\"wp-image-563\" srcset=\"http:\/\/fermeduloup.fr\/wp-content\/uploads\/2021\/09\/Gite-Exterieur-0-1024x683.jpg 1024w, http:\/\/fermeduloup.fr\/wp-content\/uploads\/2021\/09\/Gite-Exterieur-0-300x200.jpg 300w, http:\/\/fermeduloup.fr\/wp-content\/uploads\/2021\/09\/Gite-Exterieur-0-768x512.jpg 768w, http:\/\/fermeduloup.fr\/wp-content\/uploads\/2021\/09\/Gite-Exterieur-0-1536x1024.jpg 1536w, http:\/\/fermeduloup.fr\/wp-content\/uploads\/2021\/09\/Gite-Exterieur-0-2048x1365.jpg 2048w\" sizes=\"(max-width: 1024px) 100vw, 1024px\" \/><\/figure><\/li><\/ul><\/figure>\n\n\n\n<h3><em><strong>A votre arriv\u00e9e<\/strong><\/em><\/h3>\n\n\n\n<p><br>Le parking, situ\u00e9 au nord de la maison, accueillera votre ou vos v\u00e9hicules.<br>Vous entrerez par la fa\u00e7ade nord de la maison, le jardin se d\u00e9ployant au sud et la terrasse privative \u00e0 l&rsquo;ouest .<\/p>\n\n\n\nngg_shortcode_0_placeholder\n\n\n\n<p>Le g\u00eete d&rsquo;une surface de 90 m\u00b2 fait partie int\u00e9grante de la maison mais est cependant enti\u00e8rement ind\u00e9pendant.<br>Il est particuli\u00e8rement lumineux, gr\u00e2ce \u00e0 ses grandes ouvertures contemporaines orient\u00e9es sud et ouest<\/p>\n\n\n\n<p><em><strong>Au rez-de-chauss\u00e9e<\/strong><\/em>:<\/p>\n\n\n<p>Un salon TV lumineux expos\u00e9 sud et ouest donnant sur une belle terrasse.<\/p>\n\n\nngg_shortcode_1_placeholder\n\n\n\n<p>Un salon biblioth\u00e8que<\/p>\n\n\n\nngg_shortcode_2_placeholder\n\n\n<p>Une cuisine d\u00eenatoire donnant elle aussi sur la terrasse.<\/p>\n\n\nngg_shortcode_3_placeholder\n\n\n\n<p><strong><em>A l&rsquo;\u00e9tage:<\/em><\/strong><\/p>\n\n\n\nngg_shortcode_4_placeholder\n\n\n\n<p>Une chambre avec 1 lit de 160&#215;200.<\/p>\n\n\n\nngg_shortcode_5_placeholder\n\n\n\n<p>Une chambre avec 2 lits de 90&#215;190 pouvant \u00eatre r\u00e9unis.<\/p>\n\n\n\nngg_shortcode_6_placeholder\n\n\n\n<p>Une salle d&rsquo;eau et 1 sanitaire ind\u00e9pendant. <\/p>\n\n\n\nngg_shortcode_7_placeholder\n\n\n\n<p>Nous avons la possibilit\u00e9 de vous fournir sur demande les \u00e9quipements pour b\u00e9b\u00e9: lit \u00e0 barreaux ou lit parapluie, chaise haute, baignoire, table \u00e0 langer, poussette, jouets divers.<\/p>\n\n\n\n<p><strong><em>Plans du g\u00eete<\/em><\/strong><\/p>\n\n\n\nngg_shortcode_8_placeholder\n\n\n\n<h3><em><strong>Espaces ext\u00e9rieurs<\/strong><\/em><\/h3>\n\n\n\n<p>La terrasse<\/p>\n\n\n\nngg_shortcode_9_placeholder\n\n\n\n<p>Les espaces ext\u00e9rieurs de d\u00e9tente, de jeux, de convivialit\u00e9 sont accessibles \u00e0 tout moment et utilisables par nos h\u00f4tes comme par nous m\u00eame.<br>Ils sont suffisamment \u00e9loign\u00e9s de la maison pour ne pas cr\u00e9er de nuisance, tel que le boulodrome.<\/p>\n\n\n\nngg_shortcode_10_placeholder\n\n\n\n<p><br>D&rsquo;autres petites haltes repos, lecture sont cach\u00e9es dans le jardin, \u00e0 vous de les d\u00e9couvrir au gr\u00e8s de vos balades.<\/p>\n\n\n\n<p>Dans le jardin, fait de coins et de recoins, chacun peut toujours trouver un espace pour s&rsquo;isoler, se d\u00e9tendre ou bien partager un moment avec les autres gr\u00e2ce aux multiples tables et salons cach\u00e9s dans la v\u00e9g\u00e9tation. <\/p>\n\n\n\nngg_shortcode_11_placeholder\n\n\n\n<p><strong><em>Plan g\u00e9n\u00e9ral des ext\u00e9rieurs<\/em><\/strong><\/p>\n\n\n\nngg_shortcode_12_placeholder\n\n\n\n<h3><em><strong>Tarifs<\/strong><\/em><\/h3>\n\n\n\n<p><strong>BASSE SAISON<\/strong>    du 1er avril au 15 juin et du 15 septembre au 1er novembre   <\/p>\n\n\n\n<p>150\u20ac la nuit (3 nuits minimum)<\/p>\n\n\n\n<p><strong>HAUTE SAISON<\/strong>   du 15 juin au 15 septembre<\/p>\n\n\n\n<p>entre 200 et 250 \u20ac la nuit (\u00e0 la semaine du samedi au samedi)<\/p>\n\n\n\n<p>Acompte: 30%<br>Caution: 600\u20ac<br>Taxe de s\u00e9jour obligatoire: compris dans le prix<\/p>\n","protected":false},"excerpt":{"rendered":"<p>Du chemin de Saint Martin vous entrerez dans notre propri\u00e9t\u00e9 par un chemin bord\u00e9 de sapins et cypr\u00e8s.Le g\u00eete ne&hellip;<\/p>\n","protected":false},"author":1,"featured_media":0,"parent":0,"menu_order":0,"comment_status":"closed","ping_status":"closed","template":"","meta":{"ngg_post_thumbnail":0},"_links":{"self":[{"href":"http:\/\/fermeduloup.fr\/index.php?rest_route=\/wp\/v2\/pages\/51"}],"collection":[{"href":"http:\/\/fermeduloup.fr\/index.php?rest_route=\/wp\/v2\/pages"}],"about":[{"href":"http:\/\/fermeduloup.fr\/index.php?rest_route=\/wp\/v2\/types\/page"}],"author":[{"embeddable":true,"href":"http:\/\/fermeduloup.fr\/index.php?rest_route=\/wp\/v2\/users\/1"}],"replies":[{"embeddable":true,"href":"http:\/\/fermeduloup.fr\/index.php?rest_route=%2Fwp%2Fv2%2Fcomments&post=51"}],"version-history":[{"count":45,"href":"http:\/\/fermeduloup.fr\/index.php?rest_route=\/wp\/v2\/pages\/51\/revisions"}],"predecessor-version":[{"id":582,"href":"http:\/\/fermeduloup.fr\/index.php?rest_route=\/wp\/v2\/pages\/51\/revisions\/582"}],"wp:attachment":[{"href":"http:\/\/fermeduloup.fr\/index.php?rest_route=%2Fwp%2Fv2%2Fmedia&parent=51"}],"curies":[{"name":"wp","href":"https:\/\/api.w.org\/{rel}","templated":true}]}}